{"id":2160,"date":"2020-12-10T20:06:07","date_gmt":"2020-12-10T20:06:07","guid":{"rendered":"https:\/\/luisgalvan.edu.pe\/?page_id=2160"},"modified":"2020-12-14T16:45:37","modified_gmt":"2020-12-14T16:45:37","slug":"nivel-educa-secundaria2","status":"publish","type":"page","link":"https:\/\/luisgalvan.edu.pe\/?page_id=2160","title":{"rendered":"nivel-educa-secundaria2"},"content":{"rendered":"<div id=\"pb_line_1DE1A27D2D2614B66E764DB44EF22326\"  class=\"pb-line pb-clear-fix\" style=\"background-repeat:no-repeat;\"><ul class=\"pb-layout pb-layout-100 pb-reset-list pb-clear-fix pb-main\"><li class=\"pb-layout-column-left\"> <div class=\"pb-space-line\"><\/div><div><div class=\"pb-space-line\"><\/div><div class=\"pb-space pb-clear-fix\" style=\"margin-top:-80px;\"><\/div><div class=\"pb-text\">\t\t\t<script type=\"text\/javascript\" src=\"\/\/luisgalvan.edu.pe\/wp-content\/plugins\/revslider\/public\/assets\/js\/rbtools.min.js?rev=6.2.21\"><\/script>\n\t\t\t<script type=\"text\/javascript\" src=\"\/\/luisgalvan.edu.pe\/wp-content\/plugins\/revslider\/public\/assets\/js\/rs6.min.js?rev=6.2.21\"><\/script>\n\n\t\t\t<!-- START Secundaria REVOLUTION SLIDER 6.2.21 --><p class=\"rs-p-wp-fix\"><\/p>\n\t\t\t<rs-module-wrap id=\"rev_slider_5_1_wrapper\" data-source=\"gallery\" style=\"background:#ffffff;padding:0;margin:0px auto;margin-top:0;margin-bottom:0;\">\n\t\t\t\t<rs-module id=\"rev_slider_5_1\" style=\"\" data-version=\"6.2.21\">\n\t\t\t\t\t<rs-slides>\n\t\t\t\t\t\t<rs-slide data-key=\"rs-13\" data-title=\"fable_slide_1\" data-anim=\"ei:d;eo:d;s:2600ms;r:0;t:fade;sl:7;\" class=\"fable_slide_1_class\" id=\"fable_slide_1_id\">\n\t\t\t\t\t\t\t<img src=\"\/\/luisgalvan.edu.pe\/wp-content\/uploads\/2020\/12\/Foto-Collage-Secundaria.jpg\" title=\"Foto Collage Secundaria\" width=\"1943\" height=\"894\" data-bg=\"p:center top;r:repeat-x;\" class=\"rev-slidebg\" data-no-retina>\n<!---->\t\t\t\t\t\t<\/rs-slide>\n\t\t\t\t\t<\/rs-slides>\n\t\t\t\t<\/rs-module>\n\t\t\t\t<script type=\"text\/javascript\">\n\t\t\t\t\tsetREVStartSize({c: 'rev_slider_5_1',rl:[1240,1024,778,480],el:[600,768,960,720],gw:[1250,1024,778,480],gh:[600,768,960,720],type:'standard',justify:'',layout:'fullwidth',mh:\"0\"});\n\t\t\t\t\tvar\trevapi5,\n\t\t\t\t\t\ttpj;\n\t\t\t\t\tfunction revinit_revslider51() {\n\t\t\t\t\tjQuery(function() {\n\t\t\t\t\t\ttpj = jQuery;\n\t\t\t\t\t\trevapi5 = tpj(\"#rev_slider_5_1\");\n\t\t\t\t\t\ttpj.noConflict();\n\t\t\t\t\t\tif(revapi5==undefined || revapi5.revolution == undefined){\n\t\t\t\t\t\t\trevslider_showDoubleJqueryError(\"rev_slider_5_1\");\n\t\t\t\t\t\t}else{\n\t\t\t\t\t\t\trevapi5.revolution({\n\t\t\t\t\t\t\t\tsliderLayout:\"fullwidth\",\n\t\t\t\t\t\t\t\tduration:6000,\n\t\t\t\t\t\t\t\tvisibilityLevels:\"1240,1024,778,480\",\n\t\t\t\t\t\t\t\tgridwidth:\"1250,1024,778,480\",\n\t\t\t\t\t\t\t\tgridheight:\"600,768,960,720\",\n\t\t\t\t\t\t\t\tspinner:\"spinner2\",\n\t\t\t\t\t\t\t\tperspective:600,\n\t\t\t\t\t\t\t\tperspectiveType:\"local\",\n\t\t\t\t\t\t\t\teditorheight:\"600,768,960,720\",\n\t\t\t\t\t\t\t\tresponsiveLevels:\"1240,1024,778,480\",\n\t\t\t\t\t\t\t\tprogressBar:{disableProgressBar:true},\n\t\t\t\t\t\t\t\tnavigation: {\n\t\t\t\t\t\t\t\t\tmouseScrollNavigation:false,\n\t\t\t\t\t\t\t\t\tonHoverStop:false,\n\t\t\t\t\t\t\t\t\ttouch: {\n\t\t\t\t\t\t\t\t\t\ttouchenabled:true\n\t\t\t\t\t\t\t\t\t}\n\t\t\t\t\t\t\t\t},\n\t\t\t\t\t\t\t\tfallbacks: {\n\t\t\t\t\t\t\t\t\tallowHTML5AutoPlayOnAndroid:true\n\t\t\t\t\t\t\t\t},\n\t\t\t\t\t\t\t});\n\t\t\t\t\t\t}\n\t\t\t\t\t\t\n\t\t\t\t\t});\n\t\t\t\t\t} \/\/ End of RevInitScript\n\t\t\t\tif (document.readyState === \"loading\") window.addEventListener('DOMContentLoaded',function() { revinit_revslider51();}); else revinit_revslider51();\n\t\t\t\t<\/script>\n\t\t\t\t<script>\n\t\t\t\t\tvar htmlDivCss = unescape(\"%2F%2A%20navigation%20bullets%20%2A%2F%0A.hesperiden.tp-bullets%20.tp-bullet%0A%7B%0A%20%20background%3A%20none%20%21important%3B%0A%20%20width%3A%2040px%20%21important%3B%0A%20%20height%3A%2012px%20%21important%3B%0A%20%20box-sizing%3A%20border-box%3B%0A%20%20border%3A%202px%20solid%20%23fE6500%20%21important%3B%0A%20%20margin-left%3A%2015px%20%21important%3B%0A%20%20border-radius%3A%200%20%21important%3B%0A%7D%0A%0A%2F%2A%20navigation%20bullets%20hover%20%2A%2F%0A.hesperiden.tp-bullets%20.tp-bullet%3Ahover%0A%7B%0A%20%20border-color%3A%20%235852A0%20%21important%3B%0A%7D%0A%0A%2F%2A%20navigation%20bullets%20selected%20%2A%2F%0A.hesperiden.tp-bullets%20.tp-bullet.selected%0A%7B%0A%20%20top%3A%20-12px%20%21important%3B%0A%7D%0A%0A%2F%2A%20navigation%20arrows%20%2A%2F%0A.tp-leftarrow%0A%7B%0A%20%20width%3A%2045px%20%21important%3B%0A%20%20height%3A%2045px%20%21important%3B%0A%20%20background%3A%20rgba%280%2C0%2C0%2C0.25%29%20%21important%3B%0A%7D%0A%0A.tp-leftarrow%3Ahover%0A%7B%0A%20%20background-color%3A%20%23FE6500%20%21important%3B%0A%7D%0A%0A.tp-rightarrow%0A%7B%0A%20%20width%3A%2045px%20%21important%3B%0A%20%20height%3A%2045px%20%21important%3B%0A%20%20background%3A%20rgba%280%2C0%2C0%2C0.25%29%20%21important%3B%0A%7D%0A%0A.tp-rightarrow%3Ahover%0A%7B%0A%20%20background-color%3A%20%23FE6500%20%21important%3B%0A%7D%0A%0A.tp-rightarrow%2C%20.tp-leftarrow%0A%7B%0A%20%20-webkit-border-radius%3A%2045px%3B%0A%20%20-moz-border-radius%3A%2045px%3B%0A%20%20border-radius%3A%2045px%3B%0A%7D%0A%20%20%0A%2F%2A%20Button%20%2A%2F%0A.Fable-Button%20a%0A%7B%0A%20%20font-size%3A%2014px%3B%0A%20%20line-height%3A%201%20%21important%3B%0A%20%20font-weight%3A%20600%20%21important%3B%0A%20%20color%3A%20%23FFFFFF%20%21important%3B%0A%20%20text-decoration%3A%20none%20%21important%3B%0A%20%20padding%3A%2014px%2020px%2015px%2020px%3B%0A%20%20background-color%3A%20%23FE6500%3B%0A%7D%0A%20%20%0A.Fable-Button%20a%3Ahover%0A%7B%0A%20%20color%3A%20%23FFFFFF%20%21important%3B%0A%20%20text-decoration%3A%20none%20%21important%3B%0A%20%20background-color%3A%20%2356509F%3B%0A%7D\");\n\t\t\t\t\tvar htmlDiv = document.getElementById('rs-plugin-settings-inline-css');\n\t\t\t\t\tif(htmlDiv) {\n\t\t\t\t\t\thtmlDiv.innerHTML = htmlDiv.innerHTML + htmlDivCss;\n\t\t\t\t\t}else{\n\t\t\t\t\t\tvar htmlDiv = document.createElement('div');\n\t\t\t\t\t\thtmlDiv.innerHTML = '<style>' + htmlDivCss + '<\/style>';\n\t\t\t\t\t\tdocument.getElementsByTagName('head')[0].appendChild(htmlDiv.childNodes[0]);\n\t\t\t\t\t}\n\t\t\t\t<\/script>\n\t\t\t\t<script>\n\t\t\t\t\tvar htmlDivCss = ' #rev_slider_5_1_wrapper rs-loader.spinner2{ background-color: #FFFFFF !important; } ';\n\t\t\t\t\tvar htmlDiv = document.getElementById('rs-plugin-settings-inline-css');\n\t\t\t\t\tif(htmlDiv) {\n\t\t\t\t\t\thtmlDiv.innerHTML = htmlDiv.innerHTML + htmlDivCss;\n\t\t\t\t\t}else{\n\t\t\t\t\t\tvar htmlDiv = document.createElement('div');\n\t\t\t\t\t\thtmlDiv.innerHTML = '<style>' + htmlDivCss + '<\/style>';\n\t\t\t\t\t\tdocument.getElementsByTagName('head')[0].appendChild(htmlDiv.childNodes[0]);\n\t\t\t\t\t}\n\t\t\t\t<\/script>\n\t\t\t<\/rs-module-wrap>\n\t\t\t<!-- END REVOLUTION SLIDER -->\n\n<\/div><div class=\"pb-space-line\"><\/div><div class=\"pb-space pb-clear-fix\" style=\"height:50px;\"><\/div><h1 class=\"pb-header\" style=\"font-weight:900;color:#546EC9;\"><span class=\"pb-header-content\">EDUCACI\u00d3N SECUNDARIA<\/span><\/h1><div class=\"pb-divider pb-clear-fix\" style=\"border-color:#546EC9;\"><\/div><h4 class=\"pb-header\" style=\"font-weight:800;color:#546EC9;\"><span class=\"pb-header-content\">Tutor\u00eda y desarrollo personal-social<\/span><\/h4><\/div><\/li><\/ul><\/div><div class=\"pb-script-tag\"><script type=\"text\/javascript\">jQuery(document).ready(function($){$(\"#pb_line_1DE1A27D2D2614B66E764DB44EF22326\").PBLayout({\"bg_parallax_speed\":\"30\",\"bg_parallax_enable\":\"0\",\"bg_parallax_mobile_enable\":\"0\"},0);});<\/script><\/div><div id=\"pb_line_64075A87B4CD39F93ED0BA107ABF287D\"  class=\"pb-line pb-clear-fix\" style=\"background-repeat:no-repeat;\"><ul class=\"pb-layout pb-layout-33x66 pb-reset-list pb-clear-fix pb-main\"><li class=\"pb-layout-column-left\"> <div class=\"pb-space-line\"><\/div><div><div class=\"pb-gallery pb-clear-fix\" id=\"pb_gallery_7B7A8454BED2AB4D1DF14FE928DD0A0C\"><ul class=\"pb-layout-100 pb-reset-list pb-clear-fix\"><li class=\"pb-layout-column-left\"><div class=\"pb-image-box pb-image-type-image\"><div class=\"pb-image\"><img src=\"https:\/\/luisgalvan.edu.pe\/wp-content\/uploads\/2020\/12\/about-us-i-ima3-300x300.jpg\" alt=\"\"\/><\/div><\/div><\/li><\/ul><\/div><div class=\"pb-script-tag\"><script type=\"text\/javascript\">jQuery(document).ready(function($){$('#pb_gallery_7B7A8454BED2AB4D1DF14FE928DD0A0C').PBGallery({\"hover_type\":\"fade\",\"hover_enable\":\"0\",\"preloader_enable\":\"0\",\"layout_full_width_enable\":\"0\"});});<\/script><\/div><\/div><\/li><li class=\"pb-layout-column-right\"> <div class=\"pb-space-line\"><\/div><div><div class=\"pb-text\"><p>Los tiempos diarios de tutor\u00eda permiten reforzar algunos temas importantes en estos grados, que son adem\u00e1s trabajados transversalmente en coordinaci\u00f3n con todas las \u00e1reas y profesores.<\/p>\n<p>Padres y profesores debemos darles a los alumnos espacio para su crecimiento, a la vez que nos mantenemos cerca, alertas y dispuestos a orientarlos y acompa\u00f1arlos en esta etapa. Necesitan orientaci\u00f3n en todos los aspectos, pues est\u00e1n reestructurando sus opiniones, sus gustos, sus h\u00e1bitos.<\/p>\n<p>En quinto grado, a la alegr\u00eda de culminar una etapa se suma la preocupaci\u00f3n de un futuro incierto. Notamos una mayor capacidad de abstracci\u00f3n y estudio, as\u00ed como mayor seriedad y responsabilidad frente al trabajo acad\u00e9mico. Tambi\u00e9n percibimos una creciente inquietud acerca de las alternativas vocacionales y universitarias.<\/p>\n<\/div><\/div><\/li><\/ul><\/div><div class=\"pb-script-tag\"><script type=\"text\/javascript\">jQuery(document).ready(function($){$(\"#pb_line_64075A87B4CD39F93ED0BA107ABF287D\").PBLayout({\"bg_parallax_speed\":\"30\",\"bg_parallax_enable\":\"0\",\"bg_parallax_mobile_enable\":\"0\"},0);});<\/script><\/div><div id=\"pb_line_45FF934CEF231CBDD096FC5893857C8B\"  class=\"pb-line pb-clear-fix\" style=\"background-repeat:no-repeat;\"><ul class=\"pb-layout pb-layout-100 pb-reset-list pb-clear-fix pb-main\"><li class=\"pb-layout-column-left\"> <div class=\"pb-space-line\"><\/div><div><div class=\"pb-space-line\"><\/div><div class=\"pb-space pb-clear-fix\" style=\"height:40px;\"><\/div><\/div><\/li><\/ul><\/div><div class=\"pb-script-tag\"><script type=\"text\/javascript\">jQuery(document).ready(function($){$(\"#pb_line_45FF934CEF231CBDD096FC5893857C8B\").PBLayout({\"bg_parallax_speed\":\"30\",\"bg_parallax_enable\":\"0\",\"bg_parallax_mobile_enable\":\"0\"},0);});<\/script><\/div><div id=\"pb_line_59A6136E95BC11F7989875333688B0FE\"  class=\"pb-line pb-clear-fix\" style=\"background-repeat:no-repeat;\"><ul class=\"pb-layout pb-layout-66x33 pb-reset-list pb-clear-fix pb-main\"><li class=\"pb-layout-column-left\"> <div class=\"pb-space-line\"><\/div><div><h4 class=\"pb-header\" style=\"font-weight:800;color:#546EC9;\"><span class=\"pb-header-content\">Estrategias de aprendizaje y h\u00e1bitos de estudio<\/span><\/h4><div class=\"pb-text\"><p>En nuestra Instituci\u00f3n Educativa, apoyamos a los alumnos para que aprendan a organizarse en el cumplimiento de sus diversas tareas, para lo cual desarrollamos y analizamos las estrategias que pueden resultarles de utilidad.<\/p>\n<p>En casa, los alumnos deben organizarse para cumplir con su horario de estudio. Los padres cumplen ah\u00ed un rol orientador cuando es necesario y observan en qu\u00e9 pueden necesitar apoyo sus hijos<strong> (organizaci\u00f3n del espacio de trabajo, del tiempo, capacidad de concentraci\u00f3n y perseverancia, cuidado y atenci\u00f3n a los detalles del trabajo, preocupaci\u00f3n por dificultades espec\u00edficas).<\/strong><\/p>\n<\/div><\/div><\/li><li class=\"pb-layout-column-right\"> <div class=\"pb-space-line\"><\/div><div><div class=\"pb-gallery pb-clear-fix\" id=\"pb_gallery_8A2F37AE1D8865B139BE74983087B3E0\"><ul class=\"pb-layout-100 pb-reset-list pb-clear-fix\"><li class=\"pb-layout-column-left\"><div class=\"pb-image-box pb-image-type-image\"><div class=\"pb-image\"><img src=\"https:\/\/luisgalvan.edu.pe\/wp-content\/uploads\/2020\/12\/secundaria-ima02.png\" alt=\"\"\/><\/div><\/div><\/li><\/ul><\/div><div class=\"pb-script-tag\"><script type=\"text\/javascript\">jQuery(document).ready(function($){$('#pb_gallery_8A2F37AE1D8865B139BE74983087B3E0').PBGallery({\"hover_type\":\"fade\",\"hover_enable\":\"0\",\"preloader_enable\":\"0\",\"layout_full_width_enable\":\"0\"});});<\/script><\/div><\/div><\/li><\/ul><\/div><div class=\"pb-script-tag\"><script type=\"text\/javascript\">jQuery(document).ready(function($){$(\"#pb_line_59A6136E95BC11F7989875333688B0FE\").PBLayout({\"bg_parallax_speed\":\"30\",\"bg_parallax_enable\":\"0\",\"bg_parallax_mobile_enable\":\"0\"},0);});<\/script><\/div><div id=\"pb_line_2C28EB3AC10B688A9ECECE5EA3944C60\"  class=\"pb-line pb-clear-fix\" style=\"background-repeat:no-repeat;\"><ul class=\"pb-layout pb-layout-100 pb-reset-list pb-clear-fix pb-main\"><li class=\"pb-layout-column-left\"> <div class=\"pb-space-line\"><\/div><div><div class=\"pb-text\"><p>Debemos tener en cuenta que en secundaria ser\u00e1n m\u00e1s frecuentes los trabajos extensos y a largo plazo, as\u00ed como una mayor carga en el Plan lector. Si observamos a nuestros hijos trabajando hasta tarde, analicemos con \u00e9l en qu\u00e9 fall\u00f3 su organizaci\u00f3n en los d\u00edas y semanas anteriores, pues probablemente haya acumulado demasiadas tareas para el \u00faltimo momento. Si es recurrente que tenga jornadas de tareas y estudio muy largas, busquemos el momento para conversar con \u00e9l (ella) y el (la) profesor (a) sobre las posibles causas.<\/p>\n<p>En secundaria las clases no s\u00f3lo son para mejorar su desempe\u00f1o en un \u00e1rea, sino para aprender a tomar iniciativas, desarrollar perseverancia, as\u00ed como para aprender a estudiar juntos, apoy\u00e1ndose unos a otros.<\/p>\n<p>La evaluaci\u00f3n sigue d\u00e1ndose a trav\u00e9s de diversas herramientas que buscan marcar est\u00e1ndares altos y criterios transparentes para que cada uno pueda ir mejorando en lo necesario.<\/p>\n<\/div><div class=\"pb-space-line\"><\/div><div class=\"pb-space pb-clear-fix\" style=\"height:40px;\"><\/div><\/div><\/li><\/ul><\/div><div class=\"pb-script-tag\"><script type=\"text\/javascript\">jQuery(document).ready(function($){$(\"#pb_line_2C28EB3AC10B688A9ECECE5EA3944C60\").PBLayout({\"bg_parallax_speed\":\"30\",\"bg_parallax_enable\":\"0\",\"bg_parallax_mobile_enable\":\"0\"},0);});<\/script><\/div><div id=\"pb_line_4CA8C58FB305034B4FC4DA95EC21A483\"  class=\"pb-line pb-clear-fix\" style=\"background-repeat:no-repeat;\"><ul class=\"pb-layout pb-layout-50x50 pb-reset-list pb-clear-fix pb-main\"><li class=\"pb-layout-column-left\"> <div class=\"pb-space-line\"><\/div><div><h4 class=\"pb-header\" style=\"font-weight:800;color:#546EC9;\"><span class=\"pb-header-content\">Integraci\u00f3n de \u00e1reas<\/span><\/h4><div class=\"pb-text\"><p>En esta etapa se contin\u00faa integrando las \u00e1reas de aprendizaje. En Matem\u00e1tica y Comunicaci\u00f3n, al ser mayor la cantidad de \u00e1reas que se trabajan independientemente, los profesores aplican estrategias para integrarlas adecuadamente, tanto al interior de cada \u00e1rea como a trav\u00e9s de la coordinaci\u00f3n inter-\u00e1reas en el momento de la planificaci\u00f3n anual.<\/p>\n<\/div><\/div><\/li><li class=\"pb-layout-column-right\"> <div class=\"pb-space-line\"><\/div><div><h4 class=\"pb-header\" style=\"font-weight:800;color:#546EC9;\"><span class=\"pb-header-content\">Orientaci\u00f3n vocacional<\/span><\/h4><div class=\"pb-text\"><p>A partir del cuarto grado se inicia el programa de orientaci\u00f3n vocacional a trav\u00e9s de un Test Vocacional y las Charlas Informativas de universidades e institutos superiores, para explicar sus ofertas de profesiones, sus mecanismos de ingreso, etc. Tambi\u00e9n tienen la oportunidad de rendir ex\u00e1menes de admisi\u00f3n que ofrecen varias universidades antes de culminar el grado.<\/p>\n<\/div><\/div><\/li><\/ul><\/div><div class=\"pb-script-tag\"><script type=\"text\/javascript\">jQuery(document).ready(function($){$(\"#pb_line_4CA8C58FB305034B4FC4DA95EC21A483\").PBLayout({\"bg_parallax_speed\":\"30\",\"bg_parallax_enable\":\"0\",\"bg_parallax_mobile_enable\":\"0\"},0);});<\/script><\/div>\n","protected":false},"excerpt":{"rendered":"","protected":false},"author":1,"featured_media":0,"parent":0,"menu_order":0,"comment_status":"closed","ping_status":"closed","template":"","meta":[],"_links":{"self":[{"href":"https:\/\/luisgalvan.edu.pe\/index.php?rest_route=\/wp\/v2\/pages\/2160"}],"collection":[{"href":"https:\/\/luisgalvan.edu.pe\/index.php?rest_route=\/wp\/v2\/pages"}],"about":[{"href":"https:\/\/luisgalvan.edu.pe\/index.php?rest_route=\/wp\/v2\/types\/page"}],"author":[{"embeddable":true,"href":"https:\/\/luisgalvan.edu.pe\/index.php?rest_route=\/wp\/v2\/users\/1"}],"replies":[{"embeddable":true,"href":"https:\/\/luisgalvan.edu.pe\/index.php?rest_route=%2Fwp%2Fv2%2Fcomments&post=2160"}],"version-history":[{"count":4,"href":"https:\/\/luisgalvan.edu.pe\/index.php?rest_route=\/wp\/v2\/pages\/2160\/revisions"}],"predecessor-version":[{"id":2166,"href":"https:\/\/luisgalvan.edu.pe\/index.php?rest_route=\/wp\/v2\/pages\/2160\/revisions\/2166"}],"wp:attachment":[{"href":"https:\/\/luisgalvan.edu.pe\/index.php?rest_route=%2Fwp%2Fv2%2Fmedia&parent=2160"}],"curies":[{"name":"wp","href":"https:\/\/api.w.org\/{rel}","templated":true}]}}