{"id":1646,"date":"2020-10-20T16:19:25","date_gmt":"2020-10-20T16:19:25","guid":{"rendered":"https:\/\/luisgalvan.edu.pe\/?page_id=1646"},"modified":"2020-12-12T18:31:18","modified_gmt":"2020-12-12T18:31:18","slug":"himno","status":"publish","type":"page","link":"https:\/\/luisgalvan.edu.pe\/?page_id=1646","title":{"rendered":"&#8211;  H I M N O S  &#8211;"},"content":{"rendered":"<div id=\"pb_line_D9CA79EC1D2780A023A8E6143828DC6F\"  class=\"pb-line pb-clear-fix\" style=\"background-color:#DA1024;background-repeat:no-repeat;\"><ul class=\"pb-layout pb-layout-100 pb-reset-list pb-clear-fix pb-main\"><li class=\"pb-layout-column-left\"> <div class=\"pb-space-line\"><\/div><div><h2 class=\"pb-header\" style=\"font-weight:900;color:#0D0C0D;background-color:#FFFFFF;\"><span class=\"pb-header-content\"><center>HIMNO NACIONAL<\/center><\/span><\/h2><\/div><\/li><\/ul><\/div><div class=\"pb-script-tag\"><script type=\"text\/javascript\">jQuery(document).ready(function($){$(\"#pb_line_D9CA79EC1D2780A023A8E6143828DC6F\").PBLayout({\"bg_parallax_speed\":\"30\",\"bg_parallax_enable\":\"0\",\"bg_parallax_mobile_enable\":\"0\"},0);});<\/script><\/div><div id=\"pb_line_C26E3962548772632B9381CFE45E8654\"  class=\"pb-line pb-clear-fix\" style=\"background-color:#DA1024;background-repeat:no-repeat;background-image:url('https:\/\/luisgalvan.edu.pe\/wp-content\/uploads\/2020\/12\/peru-e1607798082569.png');\"><ul class=\"pb-layout pb-layout-33x33x33 pb-reset-list pb-clear-fix pb-main\"><li class=\"pb-layout-column-left\"> <div class=\"pb-space-line\"><\/div><div><div class=\"pb-space-line\"><\/div><div class=\"pb-space pb-clear-fix\" style=\"height:30px;\"><\/div><\/div><\/li><li class=\"pb-layout-column-center\"> <div class=\"pb-space-line\"><\/div><div><div class=\"pb-text\"><h2 style=\"text-align: center;\"><span style=\"background-color: #da1024; color: #ffffff;\">Coro<\/span><\/h2>\n<p style=\"text-align: center; background-color: #da1024; color: #ffffff;\"><span style=\"color: #ffffff;\">\u00a1Somos libres! \u00a1se\u00e1moslo siempre!<\/span><br \/><span style=\"color: #ffffff;\">y antes niegue sus luces el sol,<\/span><br \/><span style=\"color: #ffffff;\">que faltemos al voto solemne<\/span><br \/><span style=\"color: #ffffff;\">que la patria al eterno elev\u00f3.<\/span><\/p>\n<h2 style=\"text-align: center;\"><span style=\"background-color: #da1024; color: #ffffff;\">Estrofa II<\/span><\/h2>\n<p style=\"text-align: center; background-color: #da1024; color: #ffffff;\"><span style=\"color: #ffffff;\">Ya el estruendo de roncas cadenas<\/span><br \/><span style=\"color: #ffffff;\">que escucharon tres siglos de horror<\/span><br \/><span style=\"color: #ffffff;\">de los libres, al grito sagrado<\/span><br \/><span style=\"color: #ffffff;\">que oy\u00f3 at\u00f3nito el mundo, ces\u00f3.<\/span><br \/><span style=\"color: #ffffff;\">Por doquier San Mart\u00edn inflamado,<\/span><br \/><span style=\"color: #ffffff;\">\u00a1libertad! \u00a1libertad! pronunci\u00f3<\/span><br \/><span style=\"color: #ffffff;\">y meciendo su base los Andes,<\/span><br \/><span style=\"color: #ffffff;\">la enunciaron tambi\u00e9n a una voz.<\/span><\/p>\n<p style=\"text-align: center; background-color: #da1024; color: #da1024;\"><span style=\"color: #ffffff;\">Letra : Jos\u00e9 de la Torre Ugarte <\/span><br \/><span style=\"color: #ffffff;\">M\u00fasica : Jos\u00e9 Bernardo Alcedo<\/span><\/p>\n<\/div><\/div><\/li><li class=\"pb-layout-column-right\"> <div class=\"pb-space-line\"><\/div><div><div class=\"pb-space-line\"><\/div><div class=\"pb-space pb-clear-fix\" style=\"height:30px;\"><\/div><\/div><\/li><\/ul><\/div><div class=\"pb-script-tag\"><script type=\"text\/javascript\">jQuery(document).ready(function($){$(\"#pb_line_C26E3962548772632B9381CFE45E8654\").PBLayout({\"bg_parallax_speed\":\"30\",\"bg_parallax_enable\":\"0\",\"bg_parallax_mobile_enable\":\"0\"},0);});<\/script><\/div><div id=\"pb_line_77C6282313F4F26692756C0AF1DE5A4B\"  class=\"pb-line pb-clear-fix\" style=\"background-repeat:no-repeat;\"><ul class=\"pb-layout pb-layout-100 pb-reset-list pb-clear-fix pb-main\"><li class=\"pb-layout-column-left\"> <div class=\"pb-space-line\"><\/div><div><div class=\"pb-space-line\"><\/div><div class=\"pb-space pb-clear-fix\" style=\"height:80px;\"><\/div><\/div><\/li><\/ul><\/div><div class=\"pb-script-tag\"><script type=\"text\/javascript\">jQuery(document).ready(function($){$(\"#pb_line_77C6282313F4F26692756C0AF1DE5A4B\").PBLayout({\"bg_parallax_speed\":\"30\",\"bg_parallax_enable\":\"0\",\"bg_parallax_mobile_enable\":\"0\"},0);});<\/script><\/div><div id=\"pb_line_E41C01920A28639FC10143F6FE3EEA65\"  class=\"pb-line pb-clear-fix\" style=\"background-color:#573B3E;background-repeat:no-repeat;background-image:url('https:\/\/luisgalvan.edu.pe\/wp-content\/uploads\/2020\/12\/san-martin-1.png');background-size:100%;\"><ul class=\"pb-layout pb-layout-100 pb-reset-list pb-clear-fix pb-main\"><li class=\"pb-layout-column-left\"> <div class=\"pb-space-line\"><\/div><div><h2 class=\"pb-header\" style=\"font-weight:900;color:#0D0C0D;background-color:#FFFFFF;\"><span class=\"pb-header-content\"><center>HIMNO SAN MARTIN DE PORRES<\/center><\/span><\/h2><div class=\"pb-text\"><h2 style=\"text-align: center;\"><span style=\"color: #ffffff;\">Coro<\/span><\/h2>\n<p style=\"text-align: center;\"><span style=\"color: #ffffff;\">\u00a1Gloria inmortal a tu bendito nombre, <\/span><br \/><span style=\"color: #ffffff;\">sol de amor de los pobres, San Mart\u00edn <\/span><br \/><span style=\"color: #ffffff;\">Astro Divino del Per\u00fa de Am\u00e9rica <\/span><br \/><span style=\"color: #ffffff;\">de la Iglesia invencible palad\u00edn! <\/span><br \/><span style=\"color: #ffffff;\">Son tus hermanos de ideal y patria, <\/span><br \/><span style=\"color: #ffffff;\">los que hoy llegan fervientes a tu altar;<\/span><br \/><span style=\"color: #ffffff;\">danos la luz que ilumin\u00f3 tu mente, <\/span><br \/><span style=\"color: #ffffff;\">danos la fe que te ense\u00f1\u00f3 a triunfar.<\/span><\/p>\n<h2 style=\"text-align: center;\"><span style=\"color: #ffffff;\">Estrofa<\/span><\/h2>\n<p style=\"text-align: center;\"><span style=\"color: #ffffff;\">\u00a1Radiante flor del suelo americano <\/span><br \/><span style=\"color: #ffffff;\">que diste olor de augusta santidad; <\/span><br \/><span style=\"color: #ffffff;\">gala y blas\u00f3n del pueblo peruano; <\/span><br \/><span style=\"color: #ffffff;\">que en ti encendi\u00f3 la antorcha de piedad!<\/span><br \/><span style=\"color: #ffffff;\">Prot\u00e9genos, tu caridad sagrada <\/span><br \/><span style=\"color: #ffffff;\">todo el Per\u00fa ardiente en su emoci\u00f3n; <\/span><br \/><span style=\"color: #ffffff;\">si viene a \u00e9l tu excelsa llamarada <\/span><br \/><span style=\"color: #ffffff;\">de un pueblo har\u00e1 tan s\u00f3lo un coraz\u00f3n. (Bis)<\/span><\/p>\n<\/div><div class=\"pb-space-line\"><\/div><div class=\"pb-space pb-clear-fix\" style=\"height:30px;\"><\/div><div class=\"pb-space-line\"><\/div><div class=\"pb-space pb-clear-fix\" style=\"height:30px;\"><\/div><\/div><\/li><\/ul><\/div><div class=\"pb-script-tag\"><script type=\"text\/javascript\">jQuery(document).ready(function($){$(\"#pb_line_E41C01920A28639FC10143F6FE3EEA65\").PBLayout({\"bg_parallax_speed\":\"30\",\"bg_parallax_enable\":\"0\",\"bg_parallax_mobile_enable\":\"0\"},0);});<\/script><\/div>\n","protected":false},"excerpt":{"rendered":"","protected":false},"author":1,"featured_media":0,"parent":0,"menu_order":0,"comment_status":"closed","ping_status":"closed","template":"","meta":[],"_links":{"self":[{"href":"https:\/\/luisgalvan.edu.pe\/index.php?rest_route=\/wp\/v2\/pages\/1646"}],"collection":[{"href":"https:\/\/luisgalvan.edu.pe\/index.php?rest_route=\/wp\/v2\/pages"}],"about":[{"href":"https:\/\/luisgalvan.edu.pe\/index.php?rest_route=\/wp\/v2\/types\/page"}],"author":[{"embeddable":true,"href":"https:\/\/luisgalvan.edu.pe\/index.php?rest_route=\/wp\/v2\/users\/1"}],"replies":[{"embeddable":true,"href":"https:\/\/luisgalvan.edu.pe\/index.php?rest_route=%2Fwp%2Fv2%2Fcomments&post=1646"}],"version-history":[{"count":9,"href":"https:\/\/luisgalvan.edu.pe\/index.php?rest_route=\/wp\/v2\/pages\/1646\/revisions"}],"predecessor-version":[{"id":1988,"href":"https:\/\/luisgalvan.edu.pe\/index.php?rest_route=\/wp\/v2\/pages\/1646\/revisions\/1988"}],"wp:attachment":[{"href":"https:\/\/luisgalvan.edu.pe\/index.php?rest_route=%2Fwp%2Fv2%2Fmedia&parent=1646"}],"curies":[{"name":"wp","href":"https:\/\/api.w.org\/{rel}","templated":true}]}}